{"id":1690,"date":"2012-09-25T19:31:09","date_gmt":"2012-09-25T19:31:09","guid":{"rendered":"http:\/\/www.jastrzebie.lask.com.pl\/?page_id=1690"},"modified":"2012-09-26T20:21:26","modified_gmt":"2012-09-26T20:21:26","slug":"nagrody","status":"publish","type":"page","link":"https:\/\/www.jastrzebie.lask.com.pl\/index.php\/archiwum\/ii-maraton-mtb\/nagrody\/","title":{"rendered":"Nagrody"},"content":{"rendered":"<p>Giant XTC 3 od <strong>COLUMNA MEDICA<\/strong><\/p>\n<p style=\"text-align: center;\"><a href=\"http:\/\/www.jastrzebie.lask.com.pl\/wp-content\/uploads\/2012\/09\/giant.jpg\" target=\"_blank\"><img loading=\"lazy\" decoding=\"async\" class=\"aligncenter\" src=\"http:\/\/www.jastrzebie.lask.com.pl\/wp-content\/uploads\/2012\/09\/giant.jpg\" alt=\"\" width=\"491\" height=\"327\" \/><\/a><\/p>\n<p style=\"text-align: left;\">Trena\u017cer Tacx Sirius oraz licznik Cateye Velo Wireless+ CC-VT210W od hotelu <strong>Kolumna Park<\/strong><\/p>\n<p style=\"text-align: left;\">Sirius jest trena\u017cerem z\u00a0magnetycznym uk\u0142adem oporowym, w\u00a0kt\u00f3rym  zastosowano rolk\u0119 pokryt\u0105 mi\u0119kk\u0105 gum\u0105, kt\u00f3ra t\u0142umi d\u017awi\u0119ki i\u00a0zapewnia  cichsz\u0105 prac\u0119 trena\u017cera. W\u00a0miejscu styku opony z\u00a0rolk\u0105 zastosowano walec  z\u00a0odpornej na \u015bcieranie stali nierdzewnej. Nowa 10-stopniowa manetka  zmiany wielko\u015bci oporu umo\u017cliwiaj\u0105ca zamocowanie jej na kierownice  standardowe oraz o\u00a0zwi\u0119kszonej \u015brednicy do 31,8mm. Ergonomiczna sk\u0142adana  rama z\u00a0innowacyjnym systemem Tacx Easy Folding oraz opatentowany system  docisku rolki do opony s\u0105 dodatkowymi zaletami tego trena\u017cera.<\/p>\n<p style=\"text-align: left;\"><img loading=\"lazy\" decoding=\"async\" src=\"http:\/\/www.jastrzebie.lask.com.pl\/wp-content\/uploads\/2012\/09\/tacx-sirius.jpg\" alt=\"\" width=\"691\" height=\"461\" \/><\/p>\n<p style=\"text-align: left;\">Cateye Velo Wireless+ CC-VT210W<br \/>\n9 funkcji<br \/>\npr\u0119dko\u015b\u0107 aktualna \/ pr\u0119dko\u015b\u0107 \u015brednia \/ pr\u0119dko\u015b\u0107 maksymalna \/ dystans dzienny \/ dystans og\u00f3lny \/ czas jazdy \/ zegar (12\/24 godz.) \/ zu\u017cycie kalorii \/ ilo\u015b\u0107 niewyprodukowanego CO2 (carbon offset)<br \/>\nDodatkowe cechy<br \/>\nbezprzewodowy \/ szybkie programowanie rozmiaru ko\u0142a w calach \/ podstawka licznika mocowana nylonowymi ci\u0119gnami kompatybilna z uchwytem FlexTight\u2122 \/ por\u00f3wnanie pr\u0119dko\u015bci aktualnej do \u015bredniej\u00a0 \/ uniwersalny monta\u017c uchwytu \/ czujnika pr\u0119dko\u015bci \/ automatyczny start\/stop \/ funkcja u\u015bpienia \/ funkcja oszcz\u0119dzania baterii<\/p>\n<p style=\"text-align: left;\"><img loading=\"lazy\" decoding=\"async\" src=\"http:\/\/www.jastrzebie.lask.com.pl\/wp-content\/uploads\/2012\/09\/Cat-VT210W_www.jpg\" alt=\"\" width=\"331\" height=\"480\" \/><\/p>\n<p style=\"text-align: left;\">&nbsp;<\/p>\n<p>Jedn\u0105 z nagr\u00f3d kt\u00f3re zostan\u0105 rozlosowane w\u015br\u00f3d wszystkich uczestnik\u00f3w b\u0119dzie unikatowa, aluminiowa rama. Rama zosta\u0142a pomalowana specjalnie z okazji maratonu, drugiej takiej nie ma nikt na \u015bwiecie.<\/p>\n<div id='gallery-1' class='gallery galleryid-1690 gallery-columns-3 gallery-size-thumbnail'><dl class='gallery-item'>\n\t\t\t<dt class='gallery-icon landscape'>\n\t\t\t\t<a href='https:\/\/www.jastrzebie.lask.com.pl\/wp-content\/uploads\/2012\/09\/r1-e1347305682767.jpg'><img loading=\"lazy\" decoding=\"async\" width=\"150\" height=\"150\" src=\"https:\/\/www.jastrzebie.lask.com.pl\/wp-content\/uploads\/2012\/09\/r1-150x150.jpg\" class=\"attachment-thumbnail size-thumbnail\" alt=\"\" \/><\/a>\n\t\t\t<\/dt><\/dl><dl class='gallery-item'>\n\t\t\t<dt class='gallery-icon landscape'>\n\t\t\t\t<a href='https:\/\/www.jastrzebie.lask.com.pl\/wp-content\/uploads\/2012\/09\/r2-e1347305664943.jpg'><img loading=\"lazy\" decoding=\"async\" width=\"150\" height=\"150\" src=\"https:\/\/www.jastrzebie.lask.com.pl\/wp-content\/uploads\/2012\/09\/r2-150x150.jpg\" class=\"attachment-thumbnail size-thumbnail\" alt=\"\" \/><\/a>\n\t\t\t<\/dt><\/dl><dl class='gallery-item'>\n\t\t\t<dt class='gallery-icon landscape'>\n\t\t\t\t<a href='https:\/\/www.jastrzebie.lask.com.pl\/wp-content\/uploads\/2012\/09\/r3-e1347305642234.jpg'><img loading=\"lazy\" decoding=\"async\" width=\"150\" height=\"150\" src=\"https:\/\/www.jastrzebie.lask.com.pl\/wp-content\/uploads\/2012\/09\/r3-150x150.jpg\" class=\"attachment-thumbnail size-thumbnail\" alt=\"\" \/><\/a>\n\t\t\t<\/dt><\/dl><br style=\"clear: both\" \/>\n\t\t<\/div>\n\n<p>&nbsp;<\/p>\n<p>Jeden z g\u0142\u00f3wnych sponsor\u00f3w &#8211; Firma <strong>WASK\u00d3R II<\/strong> Pa\u0144stwa Wawrzyniak\u00f3w z Gorczyna<br \/>\n&#8211; ufundowa\u0142a dla uczestnik\u00f3w naszego maratonu szereg bardzo fajnych nagr\u00f3d.<br \/>\nS\u0105 to oryginalne sk\u00f3rzane wyroby przeznaczone w znacznej cz\u0119\u015bci na eksport<br \/>\ndo Niemiec. Wylosowa\u0107 b\u0119dzie mo\u017cna jedn\u0105 z pi\u0119knych i praktycznych toreb<br \/>\noraz eleganckie sk\u00f3rzane paski.<br \/>\nZa\u0142\u0105czona fotka nie oddaje prawdziwej atrakcyjno\u015bci tych nagr\u00f3d<br \/>\n(dysponowali\u015bmy sprz\u0119tem foto klasy &#8222;kom\u00f3rka&#8221;).<\/p>\n<p style=\"text-align: center;\"><a href=\"http:\/\/www.jastrzebie.lask.com.pl\/wp-content\/uploads\/2012\/09\/torby1.jpg\"><\/a><a href=\"http:\/\/www.jastrzebie.lask.com.pl\/wp-content\/uploads\/2012\/09\/torby.jpg\"><\/a><a href=\"http:\/\/www.jastrzebie.lask.com.pl\/wp-content\/uploads\/2012\/09\/torby.jpg\"><img loading=\"lazy\" decoding=\"async\" class=\"aligncenter size-full wp-image-1790\" title=\"torby\" src=\"http:\/\/www.jastrzebie.lask.com.pl\/wp-content\/uploads\/2012\/09\/torby.jpg\" alt=\"\" width=\"1024\" height=\"713\" \/><\/a><\/p>\n<p>&nbsp;<\/p>\n<p>Dla Pa\u0144 kt\u00f3re wezm\u0105 udzia\u0142 w maratonie ufundowali\u015bmy specjaln\u0105 nagrod\u0119 w postaci pi\u0119knej przywieszki w kszta\u0142cie serduszka. Jest to produkt bardzo renomowanej firmy jubilerskiej Dyberg-Kern, przywieszka ta wyko\u0144czona jest kryszta\u0142ami Swarovskiego. Wz\u00f3r mo\u017ce nieco odbiega\u0107 od prezentowanego na zdj\u0119ciach.<\/p>\n<p>UWAGA ! liczba nagr\u00f3d ograniczona do 10szt. , decyduje data zg\u0142oszenia do maratonu<\/p>\n<p><a href=\"http:\/\/www.jastrzebie.lask.com.pl\/wp-content\/uploads\/2012\/09\/11349_1.jpg\"><img loading=\"lazy\" decoding=\"async\" class=\"aligncenter size-full wp-image-1753\" title=\"11349_1\" src=\"http:\/\/www.jastrzebie.lask.com.pl\/wp-content\/uploads\/2012\/09\/11349_1.jpg\" alt=\"\" width=\"1024\" height=\"768\" srcset=\"https:\/\/www.jastrzebie.lask.com.pl\/wp-content\/uploads\/2012\/09\/11349_1.jpg 1024w, https:\/\/www.jastrzebie.lask.com.pl\/wp-content\/uploads\/2012\/09\/11349_1-300x225.jpg 300w\" sizes=\"auto, (max-width: 1024px) 100vw, 1024px\" \/><\/a><\/p>\n<p>&nbsp;<\/p>\n<p>Kolejny nasz sponsor to firma Pani Anety Karolak &#8211; <strong>Studio Urody WERA<\/strong> z \u0141asku<br \/>\n(ul. M. Konopnickiej). Tym razem w\u015br\u00f3d upomink\u00f3w znajduje si\u0119 5 licznik\u00f3w<br \/>\nrowerowych oraz 5 zestaw\u00f3w naprawczych do roweru.<\/p>\n<p>&nbsp;<\/p>\n<p>&nbsp;<\/p>\n<p>Kolejn\u0105 nagrod\u0105 b\u0119dzie 5szt s\u0142uchawek Sennheiser MX300, oczywi\u015bcie losowane po 1szt.<\/p>\n<p style=\"text-align: center;\"><img loading=\"lazy\" decoding=\"async\" class=\"aligncenter\" title=\"MX300\" src=\"http:\/\/www.jastrzebie.lask.com.pl\/wp-content\/uploads\/2012\/09\/mx300.jpg\" alt=\"MX300\" width=\"491\" height=\"369\" \/><\/p>\n<p><img decoding=\"async\" title=\"gallery link=&quot;file&quot;\" src=\"http:\/\/www.jastrzebie.lask.com.pl\/wp-includes\/js\/tinymce\/plugins\/wpgallery\/img\/t.gif\" alt=\"\" \/><\/p>\n<p>Mamy kolejn\u0105 nagrod\u0119 tym razem 5szt\u00a0uchwyt\u00f3w\u00a0samochodowych renomowanej marki Herbert Richter<\/p>\n<p style=\"text-align: center;\"><img loading=\"lazy\" decoding=\"async\" class=\"aligncenter\" title=\"MX300\" src=\"http:\/\/www.jastrzebie.lask.com.pl\/wp-content\/uploads\/2012\/09\/HR.jpg\" alt=\"MX300\" width=\"491\" height=\"369\" \/><\/p>\n<p style=\"text-align: left;\">Powy\u017csze nagrody zostan\u0105 rozlosowane w\u015br\u00f3d wszystkich uczestnik\u00f3w zawod\u00f3w, kt\u00f3rzy uko\u0144cz\u0105 dowolny dystans.<\/p>\n","protected":false},"excerpt":{"rendered":"<p>Giant XTC 3 od COLUMNA MEDICA Trena\u017cer Tacx Sirius oraz licznik Cateye Velo Wireless+ CC-VT210W od hotelu Kolumna Park Sirius jest trena\u017cerem z\u00a0magnetycznym uk\u0142adem oporowym, w\u00a0kt\u00f3rym zastosowano rolk\u0119 pokryt\u0105 mi\u0119kk\u0105 gum\u0105, kt\u00f3ra t\u0142umi d\u017awi\u0119ki i\u00a0zapewnia cichsz\u0105 prac\u0119 trena\u017cera. W\u00a0miejscu styku &hellip; <a href=\"https:\/\/www.jastrzebie.lask.com.pl\/index.php\/archiwum\/ii-maraton-mtb\/nagrody\/\">Czytaj dalej <span class=\"meta-nav\">&rarr;<\/span><\/a><\/p>\n","protected":false},"author":120,"featured_media":0,"parent":1605,"menu_order":0,"comment_status":"open","ping_status":"open","template":"","meta":{"footnotes":""},"class_list":["post-1690","page","type-page","status-publish","hentry"],"_links":{"self":[{"href":"https:\/\/www.jastrzebie.lask.com.pl\/index.php\/wp-json\/wp\/v2\/pages\/1690","targetHints":{"allow":["GET"]}}],"collection":[{"href":"https:\/\/www.jastrzebie.lask.com.pl\/index.php\/wp-json\/wp\/v2\/pages"}],"about":[{"href":"https:\/\/www.jastrzebie.lask.com.pl\/index.php\/wp-json\/wp\/v2\/types\/page"}],"author":[{"embeddable":true,"href":"https:\/\/www.jastrzebie.lask.com.pl\/index.php\/wp-json\/wp\/v2\/users\/120"}],"replies":[{"embeddable":true,"href":"https:\/\/www.jastrzebie.lask.com.pl\/index.php\/wp-json\/wp\/v2\/comments?post=1690"}],"version-history":[{"count":30,"href":"https:\/\/www.jastrzebie.lask.com.pl\/index.php\/wp-json\/wp\/v2\/pages\/1690\/revisions"}],"predecessor-version":[{"id":1695,"href":"https:\/\/www.jastrzebie.lask.com.pl\/index.php\/wp-json\/wp\/v2\/pages\/1690\/revisions\/1695"}],"up":[{"embeddable":true,"href":"https:\/\/www.jastrzebie.lask.com.pl\/index.php\/wp-json\/wp\/v2\/pages\/1605"}],"wp:attachment":[{"href":"https:\/\/www.jastrzebie.lask.com.pl\/index.php\/wp-json\/wp\/v2\/media?parent=1690"}],"curies":[{"name":"wp","href":"https:\/\/api.w.org\/{rel}","templated":true}]}}